{"id":25,"date":"2017-04-10T19:42:07","date_gmt":"2017-04-10T17:42:07","guid":{"rendered":"http:\/\/www.kristinehamn.efs.nu\/?page_id=25"},"modified":"2026-08-21T17:37:47","modified_gmt":"2026-08-21T15:37:47","slug":"program","status":"publish","type":"page","link":"https:\/\/www.kristinehamn.efs.nu\/?page_id=25","title":{"rendered":"Program"},"content":{"rendered":"<h2>\u00a0<strong>B\u00d6N<\/strong><\/h2>\n<p>Tisdagar kl. 10.00 i Betlehemskyrkan<\/p>\n<p>Fredagar kl. 10.00 i Betlehemskyrkan<\/p>\n<h2><strong>AUGUSTI<\/strong><\/h2>\n<p>L\u00f6rdag 22\/8 kl. 10.00-15.00 F\u00f6rsamlingsdag p\u00e5 Fr\u00e4lsningsarm\u00e9ns sommarhem<\/p>\n<p><span style=\"font-size: 1rem;\">S\u00f6ndag 23\/8 kl. 10.00 UpptaktsGudstj\u00e4nst med nattvard, Tomas Nilsson. <\/span><em style=\"font-size: 1rem;\">Utg\u00e5ngskollekt Hela m\u00e4nniskan Ria Kristinehamn<\/em><\/p>\n<p>S\u00f6ndag 30\/8 kl.10.00 Gudstj\u00e4nst, Ulf Ek\u00e4ngen med musikgruppen Hultman, Frykman &amp; kompani<\/p>\n<h2><strong>SEPTEMBER<\/strong><\/h2>\n<p>Fredag 4\/9 kl. 18.30 Fredagsh\u00e4ng<\/p>\n<p>S\u00f6ndag 6\/9 kl. 11.00 Gudstj\u00e4nst med nattvard, Tomas Nilsson. <em>Utg\u00e5ngskollekt Sandvikeng\u00e5rden<\/em><\/p>\n<p>L\u00f6rdag 12\/9 kl. 12.00 Gudstj\u00e4nst S\u00f6dra torget i Kristinehamn. <em>Se separat program<\/em><\/p>\n<p>S\u00f6ndag 13\/9 kl. 11.00 Gudstj\u00e4nst, Mattias Korsving<\/p>\n<p>Fredag 18\/9 kl. 18.30 Fredagsh\u00e4ng<\/p>\n<p>S\u00f6ndag 20\/9 kl. 11.00 Gudstj\u00e4nst med nattvard, Tomas Nilsson<\/p>\n<p>S\u00f6ndag 27\/9 kl. 11.00 Gudstj\u00e4nst, Ulf Ek\u00e4ngen och k\u00f6ren Salta vindar<\/p>\n<h2><strong>OKTOBER<\/strong><\/h2>\n<p>Fredag 2\/10 kl. 18.30 Fredagsh\u00e4ng<\/p>\n<p>S\u00f6ndag 4\/10 kl. 11.00 Gudstj\u00e4nst, b\u00f6n och lovs\u00e5ng<\/p>\n<p>L\u00f6rdag 10\/10 kl. 18.00 Se-Be-Ge<\/p>\n<p>S\u00f6ndag 11\/10 kl. 11.00 Gudstj\u00e4nst, Peter Albertsson<\/p>\n<p>Fredag 16\/10 kl. 18.30 Fredagsh\u00e4ng<\/p>\n<p>S\u00f6ndag 18\/19 kl. 11.00 Gudstj\u00e4nst med nattvard, Tomas Nilsson. <em>Utg\u00e5ngskollekt v\u00e4nf\u00f6rsamling Soiyet Church i Kenya<\/em><\/p>\n<p>S\u00f6ndag 25\/10 kl. 11.00 Gudstj\u00e4nst, Ingemar Mattsson<\/p>\n<p>Fredag 30\/10 kl. 18.30 Fredagsh\u00e4ng<\/p>\n<h2><strong>NOVEMBER<\/strong><\/h2>\n<p>S\u00f6ndag 1\/11 kl. 11.00 Gudstj\u00e4nst med nattvard, Tomas Nilsson<\/p>\n<p>S\u00f6ndag 8\/11 kl. 11.00 Familjegudstj\u00e4nst<\/p>\n<p>Fredag 13\/11 kl. 18.30 Fredagsh\u00e4ng<\/p>\n<p>S\u00f6ndag 15\/11 kl. 11.00 Gudstj\u00e4nst med nattvard, Tomas Nilsson. <em>Utg\u00e5ngskollekt EFS mission<\/em><\/p>\n<p>S\u00f6ndag 22\/11 kl. 11.00 Gudstj\u00e4nst, Mattias Korsving<\/p>\n<p>Fredag 27\/11 kl. 18.30 Fredagsh\u00e4ng<\/p>\n<p>S\u00f6ndag 29\/11 kl. 11.00 Adventsgudstj\u00e4nst med nattvard, Tomas Nilsson<\/p>\n<h2><strong>DECEMBER<\/strong><\/h2>\n<p>S\u00f6ndag 6\/12 kl. 16.00 Julfest<\/p>\n<p>Fredag 11\/12 kl. 18.30 Fredagsh\u00e4ng<\/p>\n<p>S\u00f6ndag 13\/12 kl. 11.00 Gudstj\u00e4nst med nattvard, Tomas Nilsson<\/p>\n<p>S\u00f6ndag 20\/12 kl. 11.00 Gudstj\u00e4nst, Peter Albertsson<\/p>\n<p>Fredag 15\/12 kl. 11.00 Juldagsgudstj\u00e4nst med nattvard, Tomas Nilsson<\/p>\n<h2><strong>JANUARI<\/strong><\/h2>\n<p>Onsdag 6\/1 kl. 16.00 Missionsgudstj\u00e4nst, Hanna och Markku V\u00e4yrynen<\/p>\n<p>Ekumeniska b\u00f6neveckan 18-24 januari<\/p>\n<p>&nbsp;<\/p>\n<p>&nbsp;<\/p>\n<p>&nbsp;<\/p>\n<p>&nbsp;<\/p>\n<p>&nbsp;<\/p>\n<p>&nbsp;<\/p>\n<p>&nbsp;<\/p>\n<h2><strong>\u00a0<\/strong><\/h2>\n<p>&nbsp;<\/p>\n<h2><strong>\u00a0<\/strong><\/h2>\n<h2><strong>\u00a0<\/strong><\/h2>\n<h2><strong>\u00a0<\/strong><\/h2>\n<p>&nbsp;<\/p>\n<p>&nbsp;<\/p>\n<p>&nbsp;<\/p>\n<p>&nbsp;<\/p>\n<p>&nbsp;<\/p>\n<p>&nbsp;<\/p>\n<p>&nbsp;<\/p>\n<p>&nbsp;<\/p>\n<p>&nbsp;<\/p>\n<h2><strong>\u00a0<\/strong><\/h2>\n<p>&nbsp;<\/p>\n<p>&nbsp;<\/p>\n<p>&nbsp;<\/p>\n<p>&nbsp;<\/p>\n<p>&nbsp;<\/p>\n<p>&nbsp;<\/p>\n<p>&nbsp;<\/p>\n<p>&nbsp;<\/p>\n<p>&nbsp;<\/p>\n<p>&nbsp;<\/p>\n<p>&nbsp;<\/p>\n","protected":false},"excerpt":{"rendered":"<p>\u00a0B\u00d6N Tisdagar kl. 10.00 i Betlehemskyrkan Fredagar kl. 10.00 i Betlehemskyrkan AUGUSTI L\u00f6rdag 22\/8 kl. 10.00-15.00 F\u00f6rsamlingsdag p\u00e5 Fr\u00e4lsningsarm\u00e9ns sommarhem S\u00f6ndag 23\/8 kl. 10.00 UpptaktsGudstj\u00e4nst med nattvard, Tomas Nilsson. Utg\u00e5ngskollekt Hela m\u00e4nniskan Ria Kristinehamn S\u00f6ndag 30\/8 kl.10.00 Gudstj\u00e4nst, Ulf Ek\u00e4ngen med musikgruppen Hultman, Frykman &amp; kompani SEPTEMBER Fredag 4\/9 kl. 18.30 Fredagsh\u00e4ng S\u00f6ndag 6\/9 kl. &hellip; <\/p>\n<p class=\"link-more\"><a href=\"https:\/\/www.kristinehamn.efs.nu\/?page_id=25\" class=\"more-link\">Forts\u00e4tt l\u00e4sa<span class=\"screen-reader-text\"> \u201dProgram\u201d<\/span><\/a><\/p>\n","protected":false},"author":1,"featured_media":0,"parent":0,"menu_order":2,"comment_status":"closed","ping_status":"closed","template":"","meta":{"footnotes":""},"class_list":["post-25","page","type-page","status-publish","hentry"],"_links":{"self":[{"href":"https:\/\/www.kristinehamn.efs.nu\/index.php?rest_route=\/wp\/v2\/pages\/25","targetHints":{"allow":["GET"]}}],"collection":[{"href":"https:\/\/www.kristinehamn.efs.nu\/index.php?rest_route=\/wp\/v2\/pages"}],"about":[{"href":"https:\/\/www.kristinehamn.efs.nu\/index.php?rest_route=\/wp\/v2\/types\/page"}],"author":[{"embeddable":true,"href":"https:\/\/www.kristinehamn.efs.nu\/index.php?rest_route=\/wp\/v2\/users\/1"}],"replies":[{"embeddable":true,"href":"https:\/\/www.kristinehamn.efs.nu\/index.php?rest_route=%2Fwp%2Fv2%2Fcomments&post=25"}],"version-history":[{"count":209,"href":"https:\/\/www.kristinehamn.efs.nu\/index.php?rest_route=\/wp\/v2\/pages\/25\/revisions"}],"predecessor-version":[{"id":1717,"href":"https:\/\/www.kristinehamn.efs.nu\/index.php?rest_route=\/wp\/v2\/pages\/25\/revisions\/1717"}],"wp:attachment":[{"href":"https:\/\/www.kristinehamn.efs.nu\/index.php?rest_route=%2Fwp%2Fv2%2Fmedia&parent=25"}],"curies":[{"name":"wp","href":"https:\/\/api.w.org\/{rel}","templated":true}]}}